{"id":2792,"date":"2025-08-31T16:26:25","date_gmt":"2025-08-31T15:26:25","guid":{"rendered":"https:\/\/www.cineclubdubelvedere.fr\/?page_id=2792"},"modified":"2026-02-06T15:29:29","modified_gmt":"2026-02-06T14:29:29","slug":"programme-2025-2026","status":"publish","type":"page","link":"https:\/\/www.cineclubdubelvedere.fr\/?page_id=2792","title":{"rendered":"Programme 2025-2026"},"content":{"rendered":"\n<p><strong>VOTRE SAISON 2025-2026 AU CIN\u00c9-CLUB DU BELV\u00c9D\u00c8RE<\/strong><\/p>\n\n\n\n<p>\u00c7a y est, le voici, le nouveau programme du Cin\u00e9-club, avec 16 films !<\/p>\n\n\n\n<p>Pour commencer la saison : la f\u00eate du cin\u00e9ma, c\u2019est la Nuit du Cin\u00e9-club, toujours sous le signe de l\u2019humour, avec trois projections :<\/p>\n\n\n\n<ul class=\"wp-block-list\">\n<li>Dessins anim\u00e9s de <strong>Tex Avery <\/strong>des ann\u00e9es 1940-1950, pour les grands et les petits,<\/li>\n\n\n\n<li><strong><em>Dr\u00f4le de drame<\/em><\/strong>, un bijou de l\u2019humour de Marcel Carn\u00e9, avec Louis Jouvet et Michel Simon,<br>Nous cherchons des volontaires pour pr\u00e9senter ces deux films, vous \u00eates bienvenu pour le faire !<\/li>\n<\/ul>\n\n\n\n<p>\u2022 <strong><em>Coupez !<\/em><\/strong>, une com\u00e9die horrifique de Michel Hazanavicius,<\/p>\n\n\n\n<p>Les buffets seront servis pendant les entr\u2019actes, anim\u00e9s par l\u2019orchestre swing <strong><em>Accord\u00e9on Joe<\/em><\/strong><em>.<\/em><\/p>\n\n\n\n<p>La suite de la saison se d\u00e9roulera avec nos s\u00e9ances habituelles du mardi soir. De plus, en compl\u00e9ment des trois expositions au Belv\u00e9d\u00e8re organis\u00e9es par le Service Culture le samedi, nous projetterons un film en lien avec le th\u00e8me de chaque expo.<\/p>\n\n\n\n<p>Une s\u00e9ance sp\u00e9ciale le samedi 30 mai que <strong>Michel SENNA<\/strong>, d\u2019Interfilm et \u00e9rudit du cin\u00e9ma, nous fera l\u2019amiti\u00e9 d\u2019animer, avec un film de son choix.<\/p>\n\n\n\n<p>A vos agendas !<\/p>\n\n\n\n<figure class=\"wp-block-table is-style-regular\"><table class=\"has-black-color has-text-color has-link-color has-fixed-layout\"><thead><tr><th><strong>Date<\/strong><\/th><th class=\"has-text-align-center\" data-align=\"center\">Film<\/th><th class=\"has-text-align-center\" data-align=\"center\">R\u00e9alisateur<\/th><th class=\"has-text-align-center\" data-align=\"center\">Pr\u00e9sentation<\/th><\/tr><\/thead><tbody><tr><td>Samedi 27 septembre<br>Nuit du cin\u00e9-club<br>17h<\/td><td class=\"has-text-align-center\" data-align=\"center\"><a href=\"http:\/\/www.cineclubdubelvedere.fr\/?p=2794\" data-type=\"post\" data-id=\"2794\">Cartoons<\/a><br><br><a href=\"http:\/\/www.cineclubdubelvedere.fr\/?p=2794\" data-type=\"post\" data-id=\"2794\">Dr\u00f4le de drame<\/a><br><br><a href=\"http:\/\/www.cineclubdubelvedere.fr\/?p=2794\" data-type=\"post\" data-id=\"2794\">Coupez!<\/a><\/td><td class=\"has-text-align-center\" data-align=\"center\">Tex Avery (1945) 1h10<br><br>Marcel Carn\u00e9 (1937)1h45<br><br>Michel Hazanavicius (2022) 1h50<br><br><\/td><td class=\"has-text-align-center\" data-align=\"center\">Olivier Allain<br><br>T\u00e9my Labin<br><br>Pierre Chappat<\/td><\/tr><tr><td>Mardi 14 octobre<br>20h30<\/td><td class=\"has-text-align-center\" data-align=\"center\"><a href=\"http:\/\/www.cineclubdubelvedere.fr\/wp-content\/uploads\/2025\/08\/mimi-metallo.jpg\" data-type=\"attachment\" data-id=\"2816\">Mimi m\u00e9tallo bless\u00e9 dans son honneur<\/a><\/td><td class=\"has-text-align-center\" data-align=\"center\">Lina Wertm\u00fcller (1972) 2h<\/td><td class=\"has-text-align-center\" data-align=\"center\">Gabriela Trujillo<\/td><\/tr><tr><td>Samedi 11 octobre<br>17h<\/td><td class=\"has-text-align-center\" data-align=\"center\"><a href=\"http:\/\/www.cineclubdubelvedere.fr\/?p=2818\" data-type=\"post\" data-id=\"2818\">Les huit montagnes<\/a><\/td><td class=\"has-text-align-center\" data-align=\"center\">F\u00e9lix Van Gr\u0153ningen- Charlotte Vandermeersch<\/td><td class=\"has-text-align-center\" data-align=\"center\"><\/td><\/tr><tr><td>Mardi 18 novembre<br>20h30<\/td><td class=\"has-text-align-center\" data-align=\"center\"><a href=\"http:\/\/www.cineclubdubelvedere.fr\/?p=2825\" data-type=\"post\" data-id=\"2825\">T\u00e9moin \u00e0 charge<\/a><\/td><td class=\"has-text-align-center\" data-align=\"center\">Billy Wilder<\/td><td class=\"has-text-align-center\" data-align=\"center\">Yves Joly<\/td><\/tr><tr><td>Mardi 16 D\u00e9cembre<br>18h30<\/td><td class=\"has-text-align-center\" data-align=\"center\">S<a href=\"http:\/\/www.cineclubdubelvedere.fr\/?p=2832\" data-type=\"post\" data-id=\"2832\">euls sont les indompt\u00e9s<\/a><\/td><td class=\"has-text-align-center\" data-align=\"center\">David Miller<\/td><td class=\"has-text-align-center\" data-align=\"center\">Claude Franza &#8211; Jean-Jacques Sadoux<\/td><\/tr><tr><td>Mardi 13 Janvier<br>18h30<\/td><td class=\"has-text-align-center\" data-align=\"center\"><a href=\"http:\/\/www.cineclubdubelvedere.fr\/?p=2841\" data-type=\"post\" data-id=\"2841\">Quand passent les cigognes<\/a><\/td><td class=\"has-text-align-center\" data-align=\"center\">Mikha\u00efl Kalatozov<\/td><td class=\"has-text-align-center\" data-align=\"center\">Genevi\u00e8ve Troyes<\/td><\/tr><tr><td>Mardi 24 f\u00e9vrier<br>20h30<\/td><td class=\"has-text-align-center\" data-align=\"center\"><a href=\"http:\/\/www.cineclubdubelvedere.fr\/?p=2868\" data-type=\"post\" data-id=\"2868\">O&rsquo;Brother<\/a><\/td><td class=\"has-text-align-center\" data-align=\"center\">Joel Coen<\/td><td class=\"has-text-align-center\" data-align=\"center\">Fran\u00e7oise Letoublon et Claude Franza<\/td><\/tr><tr><td>Samedi 7 mars<br>17h<\/td><td class=\"has-text-align-center\" data-align=\"center\"><a href=\"http:\/\/www.cineclubdubelvedere.fr\/?p=2855\" data-type=\"post\" data-id=\"2855\">The Danish girl<\/a><\/td><td class=\"has-text-align-center\" data-align=\"center\">Tom Hooper<\/td><td class=\"has-text-align-center\" data-align=\"center\"><\/td><\/tr><tr><td>Mardi 17 mars<br>20h30<\/td><td class=\"has-text-align-center\" data-align=\"center\"><a href=\"http:\/\/www.cineclubdubelvedere.fr\/?p=2858\" data-type=\"post\" data-id=\"2858\">Autopsie d&rsquo;un meurtre<\/a><\/td><td class=\"has-text-align-center\" data-align=\"center\">Otto Preminger<\/td><td class=\"has-text-align-center\" data-align=\"center\">T\u00e9my Labin<\/td><\/tr><tr><td>Mardi 21 avril<br>20h30<\/td><td class=\"has-text-align-center\" data-align=\"center\"><a href=\"http:\/\/www.cineclubdubelvedere.fr\/?p=2861\" data-type=\"post\" data-id=\"2861\">Youth<\/a><\/td><td class=\"has-text-align-center\" data-align=\"center\">Paolo Sorrentino<\/td><td class=\"has-text-align-center\" data-align=\"center\">Pierre Chappat<\/td><\/tr><tr><td>Samedi 25 avril 17h<\/td><td class=\"has-text-align-center\" data-align=\"center\"><a href=\"http:\/\/www.cineclubdubelvedere.fr\/?p=2864\" data-type=\"post\" data-id=\"2864\">Taxi T\u00e9h\u00e9ran<\/a><\/td><td class=\"has-text-align-center\" data-align=\"center\">Jafar Panahi<\/td><td class=\"has-text-align-center\" data-align=\"center\"><\/td><\/tr><tr><td>Mardi 19 mai 20h30<\/td><td class=\"has-text-align-center\" data-align=\"center\"><a href=\"http:\/\/www.cineclubdubelvedere.fr\/?p=2838\" data-type=\"post\" data-id=\"2838\">Bird<\/a><\/td><td class=\"has-text-align-center\" data-align=\"center\">Clint Eastwood<\/td><td class=\"has-text-align-center\" data-align=\"center\">Christian Letoublon<\/td><\/tr><tr><td>Samedi 30 mai 17h<\/td><td class=\"has-text-align-center\" data-align=\"center\">Carte blanche \u00e0 Michel Senna<\/td><td class=\"has-text-align-center\" data-align=\"center\"><\/td><td>Michel Senna<\/td><\/tr><tr><td>Mardi 16 juin<br>20h30<\/td><td class=\"has-text-align-center\" data-align=\"center\"><a href=\"http:\/\/www.cineclubdubelvedere.fr\/?p=2871\" data-type=\"post\" data-id=\"2871\">New-York &#8211; Miami<\/a><\/td><td class=\"has-text-align-center\" data-align=\"center\">Franck Capra<\/td><td class=\"has-text-align-center\" data-align=\"center\">Patrice Dupuy<\/td><\/tr><\/tbody><\/table><\/figure>\n","protected":false},"excerpt":{"rendered":"<p>VOTRE SAISON 2025-2026 AU CIN\u00c9-CLUB DU BELV\u00c9D\u00c8RE \u00c7a y est, le voici, le nouveau programme du Cin\u00e9-club, avec 16 films ! Pour commencer la saison : la f\u00eate du cin\u00e9ma, c\u2019est la Nuit du Cin\u00e9-club, toujours sous le signe de l\u2019humour, avec trois projections : \u2022 Coupez !, une com\u00e9die horrifique de Michel Hazanavicius, Les <a class=\"more-link\" href=\"https:\/\/www.cineclubdubelvedere.fr\/?page_id=2792\">Lire plus &#8230;<\/a><\/p>\n","protected":false},"author":1,"featured_media":0,"parent":0,"menu_order":0,"comment_status":"closed","ping_status":"closed","template":"","meta":{"footnotes":""},"class_list":["post-2792","page","type-page","status-publish","hentry"],"_links":{"self":[{"href":"https:\/\/www.cineclubdubelvedere.fr\/index.php?rest_route=\/wp\/v2\/pages\/2792","targetHints":{"allow":["GET"]}}],"collection":[{"href":"https:\/\/www.cineclubdubelvedere.fr\/index.php?rest_route=\/wp\/v2\/pages"}],"about":[{"href":"https:\/\/www.cineclubdubelvedere.fr\/index.php?rest_route=\/wp\/v2\/types\/page"}],"author":[{"embeddable":true,"href":"https:\/\/www.cineclubdubelvedere.fr\/index.php?rest_route=\/wp\/v2\/users\/1"}],"replies":[{"embeddable":true,"href":"https:\/\/www.cineclubdubelvedere.fr\/index.php?rest_route=%2Fwp%2Fv2%2Fcomments&post=2792"}],"version-history":[{"count":20,"href":"https:\/\/www.cineclubdubelvedere.fr\/index.php?rest_route=\/wp\/v2\/pages\/2792\/revisions"}],"predecessor-version":[{"id":2989,"href":"https:\/\/www.cineclubdubelvedere.fr\/index.php?rest_route=\/wp\/v2\/pages\/2792\/revisions\/2989"}],"wp:attachment":[{"href":"https:\/\/www.cineclubdubelvedere.fr\/index.php?rest_route=%2Fwp%2Fv2%2Fmedia&parent=2792"}],"curies":[{"name":"wp","href":"https:\/\/api.w.org\/{rel}","templated":true}]}}